{"id":176,"date":"2018-05-28T16:14:26","date_gmt":"2018-05-28T20:14:26","guid":{"rendered":"https:\/\/www.sjpack.com\/developpement-durable\/"},"modified":"2024-07-31T12:30:36","modified_gmt":"2024-07-31T16:30:36","slug":"developpement-durable","status":"publish","type":"page","link":"https:\/\/www.sjpack.com\/fr\/developpement-durable\/","title":{"rendered":"Emballages durables"},"content":{"rendered":"<h3><strong>Le d<\/strong><strong>\u00e9<\/strong><strong>veloppement durable\u00a0<\/strong><strong>est une priorit\u00e9 pour Emballage St-Jean<\/strong><\/h3>\n<p>Emballage St-Jean s&rsquo;engage \u00e0 d\u00e9velopper des solutions d&#8217;emballage flexibles durables et \u00e9conomiquement viables qui r\u00e9duisent les d\u00e9chets alimentaires et plastiques.<\/p>\n<p>Nous nous effor\u00e7ons de minimiser l&rsquo;impact environnemental et l&#8217;empreinte de nos op\u00e9rations de fabrication tout en d\u00e9veloppant en continu des produits d&#8217;emballage flexibles plus respectueux de l&rsquo;environnement.<\/p>\n","protected":false},"excerpt":{"rendered":"<h2><strong>Le d\u00e9veloppement durable\u00a0est une priorit\u00e9 chez Emballage St-Jean<\/strong><\/h2>\n<p><strong>Nous sommes d\u00e9termin\u00e9s \u00e0 d\u00e9velopper des solutions d&#8217;emballage flexibles durables et \u00e9conomiquement viables qui r\u00e9duisent les d\u00e9chets alimentaires et plastiques<\/strong><\/p>\n","protected":false},"author":5,"featured_media":0,"parent":0,"menu_order":15,"comment_status":"closed","ping_status":"closed","template":"templates\/tpl_durable.php","meta":[],"yoast_head":"<!-- This site is optimized with the Yoast SEO plugin v15.2.1 - https:\/\/yoast.com\/wordpress\/plugins\/seo\/ -->\n<meta name=\"description\" content=\"Produire des emballages flexibles de mani\u00e8re \u00e9coresponsable, c&#039;est possible. Emballage St-Jean met en place des mesures au service du d\u00e9veloppement durable.\" \/>\n<meta name=\"robots\" content=\"index, follow, max-snippet:-1, max-image-preview:large, max-video-preview:-1\" \/>\n<link rel=\"canonical\" href=\"https:\/\/www.sjpack.com\/fr\/developpement-durable\/\" \/>\n<meta property=\"og:locale\" content=\"fr_CA\" \/>\n<meta property=\"og:type\" content=\"article\" \/>\n<meta property=\"og:title\" content=\"D\u00e9veloppement durable et pratiques \u00e9coresponsables | Emballage St-Jean\" \/>\n<meta property=\"og:description\" content=\"Produire des emballages flexibles de mani\u00e8re \u00e9coresponsable, c&#039;est possible. Emballage St-Jean met en place des mesures au service du d\u00e9veloppement durable.\" \/>\n<meta property=\"og:url\" content=\"https:\/\/www.sjpack.com\/fr\/developpement-durable\/\" \/>\n<meta property=\"og:site_name\" content=\"Emballage St-Jean\" \/>\n<meta property=\"article:modified_time\" content=\"2024-07-31T16:30:36+00:00\" \/>\n<meta property=\"og:image\" content=\"https:\/\/www.sjpack.com\/wp-content\/uploads\/2018\/06\/share.png\" \/>\n\t<meta property=\"og:image:width\" content=\"1200\" \/>\n\t<meta property=\"og:image:height\" content=\"630\" \/>\n<meta property=\"fb:app_id\" content=\"611750349471594\" \/>\n<meta name=\"twitter:label1\" content=\"Written by\">\n\t<meta name=\"twitter:data1\" content=\"Genevieve Remillard\">\n\t<meta name=\"twitter:label2\" content=\"Est. reading time\">\n\t<meta name=\"twitter:data2\" content=\"0 minute\">\n<script type=\"application\/ld+json\" class=\"yoast-schema-graph\">{\"@context\":\"https:\/\/schema.org\",\"@graph\":[{\"@type\":\"WebSite\",\"@id\":\"https:\/\/www.sjpack.com\/#website\",\"url\":\"https:\/\/www.sjpack.com\/\",\"name\":\"Emballage St-Jean\",\"description\":\"\",\"potentialAction\":[{\"@type\":\"SearchAction\",\"target\":\"https:\/\/www.sjpack.com\/?s={search_term_string}\",\"query-input\":\"required name=search_term_string\"}],\"inLanguage\":\"fr-CA\"},{\"@type\":\"WebPage\",\"@id\":\"https:\/\/www.sjpack.com\/fr\/developpement-durable\/#webpage\",\"url\":\"https:\/\/www.sjpack.com\/fr\/developpement-durable\/\",\"name\":\"D\\u00e9veloppement durable et pratiques \\u00e9coresponsables | Emballage St-Jean\",\"isPartOf\":{\"@id\":\"https:\/\/www.sjpack.com\/#website\"},\"datePublished\":\"2018-05-28T20:14:26+00:00\",\"dateModified\":\"2024-07-31T16:30:36+00:00\",\"description\":\"Produire des emballages flexibles de mani\\u00e8re \\u00e9coresponsable, c'est possible. Emballage St-Jean met en place des mesures au service du d\\u00e9veloppement durable.\",\"inLanguage\":\"fr-CA\",\"potentialAction\":[{\"@type\":\"ReadAction\",\"target\":[\"https:\/\/www.sjpack.com\/fr\/developpement-durable\/\"]}]}]}<\/script>\n<!-- \/ Yoast SEO plugin. -->","_links":{"self":[{"href":"https:\/\/www.sjpack.com\/fr\/wp-json\/wp\/v2\/pages\/176\/"}],"collection":[{"href":"https:\/\/www.sjpack.com\/fr\/wp-json\/wp\/v2\/pages\/"}],"about":[{"href":"https:\/\/www.sjpack.com\/fr\/wp-json\/wp\/v2\/types\/page\/"}],"author":[{"embeddable":true,"href":"https:\/\/www.sjpack.com\/fr\/wp-json\/wp\/v2\/users\/5\/"}],"replies":[{"embeddable":true,"href":"https:\/\/www.sjpack.com\/fr\/wp-json\/wp\/v2\/comments\/?post=176"}],"version-history":[{"count":5,"href":"https:\/\/www.sjpack.com\/fr\/wp-json\/wp\/v2\/pages\/176\/revisions\/"}],"predecessor-version":[{"id":6347,"href":"https:\/\/www.sjpack.com\/fr\/wp-json\/wp\/v2\/pages\/176\/revisions\/6347\/"}],"wp:attachment":[{"href":"https:\/\/www.sjpack.com\/fr\/wp-json\/wp\/v2\/media\/?parent=176"}],"curies":[{"name":"wp","href":"https:\/\/api.w.org\/{rel}","templated":true}]}}